{"version":"1.0","provider_name":"Eltor2","provider_url":"https:\/\/eltor2.pl","author_name":"matken","author_url":"https:\/\/eltor2.pl\/index.php\/author\/matken\/","title":"Os\u0142ony taras\u00f3w, balkon\u00f3w i altan ogrodowych | Eltor2","type":"rich","width":600,"height":338,"html":"<blockquote class=\"wp-embedded-content\" data-secret=\"myaZU3OKee\"><a href=\"https:\/\/eltor2.pl\/index.php\/oslony-tarasow-balkonow-i-altan-ogrodowych\/\">Os\u0142ony taras\u00f3w, balkon\u00f3w i altan ogrodowych<\/a><\/blockquote><iframe sandbox=\"allow-scripts\" security=\"restricted\" src=\"https:\/\/eltor2.pl\/index.php\/oslony-tarasow-balkonow-i-altan-ogrodowych\/embed\/#?secret=myaZU3OKee\" width=\"600\" height=\"338\" title=\"&#8222;Os\u0142ony taras\u00f3w, balkon\u00f3w i altan ogrodowych&#8221; &#8212; Eltor2\" data-secret=\"myaZU3OKee\" frameborder=\"0\" marginwidth=\"0\" marginheight=\"0\" scrolling=\"no\" class=\"wp-embedded-content\"><\/iframe><script type=\"text\/javascript\">\n\/* <![CDATA[ *\/\n\/*! This file is auto-generated *\/\n!function(d,l){\"use strict\";l.querySelector&&d.addEventListener&&\"undefined\"!=typeof URL&&(d.wp=d.wp||{},d.wp.receiveEmbedMessage||(d.wp.receiveEmbedMessage=function(e){var t=e.data;if((t||t.secret||t.message||t.value)&&!\/[^a-zA-Z0-9]\/.test(t.secret)){for(var s,r,n,a=l.querySelectorAll('iframe[data-secret=\"'+t.secret+'\"]'),o=l.querySelectorAll('blockquote[data-secret=\"'+t.secret+'\"]'),c=new RegExp(\"^https?:$\",\"i\"),i=0;i<o.length;i++)o[i].style.display=\"none\";for(i=0;i<a.length;i++)s=a[i],e.source===s.contentWindow&&(s.removeAttribute(\"style\"),\"height\"===t.message?(1e3<(r=parseInt(t.value,10))?r=1e3:~~r<200&&(r=200),s.height=r):\"link\"===t.message&&(r=new URL(s.getAttribute(\"src\")),n=new URL(t.value),c.test(n.protocol))&&n.host===r.host&&l.activeElement===s&&(d.top.location.href=t.value))}},d.addEventListener(\"message\",d.wp.receiveEmbedMessage,!1),l.addEventListener(\"DOMContentLoaded\",function(){for(var e,t,s=l.querySelectorAll(\"iframe.wp-embedded-content\"),r=0;r<s.length;r++)(t=(e=s[r]).getAttribute(\"data-secret\"))||(t=Math.random().toString(36).substring(2,12),e.src+=\"#?secret=\"+t,e.setAttribute(\"data-secret\",t)),e.contentWindow.postMessage({message:\"ready\",secret:t},\"*\")},!1)))}(window,document);\n\/\/# sourceURL=https:\/\/eltor2.pl\/wp-includes\/js\/wp-embed.min.js\n\/* ]]> *\/\n<\/script>\n","description":"Z po\u0142\u0105czenia materia\u0142\u00f3w plandekowych i folii wyskokoprzezroczystej powstaj\u0105 os\u0142ony na tarasy, balkony, boki altan ogrodowych. Oferujemy r\u00f3\u017cnorodne rozwi\u0105zania w zale\u017cno\u015bci od preferencji klienta. Mo\u017cemy wykona\u0107 okna i drzwi otwierane za pomoc\u0105 zamk\u00f3w b\u0142yskawicznych i podwieszane na paskach. Dodatkowo okno mo\u017ce by\u0107 wyposa\u017cone w moskitier\u0119. Mocowanie takich os\u0142on wykonuje si\u0119 na [&hellip;]","thumbnail_url":"http:\/\/eltor2.pl\/wp-content\/uploads\/2019\/11\/20191014_152145-1024x577.jpg"}